{"id":137,"date":"2021-04-22T08:51:36","date_gmt":"2021-04-22T08:51:36","guid":{"rendered":"https:\/\/gfc-fr.netmanage-dev.ch\/?page_id=137"},"modified":"2025-11-27T12:31:47","modified_gmt":"2025-11-27T12:31:47","slug":"associations","status":"publish","type":"page","link":"https:\/\/gfc-fr.netmanage-dev.ch\/index.php\/associations\/","title":{"rendered":"Groupement"},"content":{"rendered":"\t\t<div data-elementor-type=\"wp-page\" data-elementor-id=\"137\" class=\"elementor elementor-137\" data-elementor-post-type=\"page\">\n\t\t\t\t\t\t<section class=\"elementor-section elementor-top-section elementor-element elementor-element-38042d3 elementor-section-boxed elementor-section-height-default elementor-section-height-default\" data-id=\"38042d3\" data-element_type=\"section\" data-e-type=\"section\">\n\t\t\t\t\t\t<div class=\"elementor-container elementor-column-gap-default\">\n\t\t\t\t\t<div class=\"elementor-column elementor-col-100 elementor-top-column elementor-element elementor-element-96f9bfb\" data-id=\"96f9bfb\" data-element_type=\"column\" data-e-type=\"column\">\n\t\t\t<div class=\"elementor-widget-wrap elementor-element-populated\">\n\t\t\t\t\t\t<section class=\"elementor-section elementor-inner-section elementor-element elementor-element-8f8d149 elementor-section-full_width elementor-section-height-min-height elementor-section-height-default\" data-id=\"8f8d149\" data-element_type=\"section\" data-e-type=\"section\">\n\t\t\t\t\t\t<div class=\"elementor-container elementor-column-gap-default\">\n\t\t\t\t\t<div class=\"elementor-column elementor-col-50 elementor-inner-column elementor-element elementor-element-e987c50\" data-id=\"e987c50\" data-element_type=\"column\" data-e-type=\"column\" data-settings=\"{&quot;background_background&quot;:&quot;classic&quot;}\">\n\t\t\t<div class=\"elementor-widget-wrap elementor-element-populated\">\n\t\t\t\t\t\t<div class=\"elementor-element elementor-element-c8d681c elementor-widget elementor-widget-heading\" data-id=\"c8d681c\" data-element_type=\"widget\" data-e-type=\"widget\" data-widget_type=\"heading.default\">\n\t\t\t\t<div class=\"elementor-widget-container\">\n\t\t\t\t\t<h2 class=\"elementor-heading-title elementor-size-default\">Groupement<\/h2>\t\t\t\t<\/div>\n\t\t\t\t<\/div>\n\t\t\t\t<div class=\"elementor-element elementor-element-4bed10f elementor-widget elementor-widget-text-editor\" data-id=\"4bed10f\" data-element_type=\"widget\" data-e-type=\"widget\" data-widget_type=\"text-editor.default\">\n\t\t\t\t<div class=\"elementor-widget-container\">\n\t\t\t\t\t\t\t\t\t<p>Le Groupement fribourgeois des carreleurs propose \u00e0 ses membres une vaste gamme de prestations.<\/p>\t\t\t\t\t\t\t\t<\/div>\n\t\t\t\t<\/div>\n\t\t\t\t\t<\/div>\n\t\t<\/div>\n\t\t\t\t<div class=\"elementor-column elementor-col-50 elementor-inner-column elementor-element elementor-element-e95f6f8\" data-id=\"e95f6f8\" data-element_type=\"column\" data-e-type=\"column\" data-settings=\"{&quot;background_background&quot;:&quot;classic&quot;}\">\n\t\t\t<div class=\"elementor-widget-wrap elementor-element-populated\">\n\t\t\t\t\t\t<div class=\"elementor-element elementor-element-f814e76 elementor-widget elementor-widget-text-editor\" data-id=\"f814e76\" data-element_type=\"widget\" data-e-type=\"widget\" data-widget_type=\"text-editor.default\">\n\t\t\t\t<div class=\"elementor-widget-container\">\n\t\t\t\t\t\t\t\t\t<ul><li>Conseils et soutien juridiques (droit du travail, application des conventions collectives de travail<\/li><li>Soutien et encouragement \u00e0 la formation (cours de formation continue, sp\u00e9cialisation, s\u00e9curit\u00e9 au travail, formation sup\u00e9rieure), sous l\u2019\u00e9gide de la FeRC<\/li><li>Soutien aux commissions d\u2019apprentissage pour le suivi des plans de formation initiaux.<\/li><li>Membre de l\u2019Union Patronale avec repr\u00e9sentation \u00e0 la Chambre patronale et possibilit\u00e9 d\u2019affiliation aux caisses sociales<\/li><li>Des tarifs pr\u00e9f\u00e9rentiels pour les cours interentreprises<\/li><li>Acc\u00e8s privil\u00e9gi\u00e9 \u00e0 un r\u00e9seau de plus de 26 entreprises<\/li><li>Newsletters : l\u2019Info- Patronale et la FeRC pour se tenir informer.<\/li><\/ul>\t\t\t\t\t\t\t\t<\/div>\n\t\t\t\t<\/div>\n\t\t\t\t\t<\/div>\n\t\t<\/div>\n\t\t\t\t\t<\/div>\n\t\t<\/section>\n\t\t\t\t\t<\/div>\n\t\t<\/div>\n\t\t\t\t\t<\/div>\n\t\t<\/section>\n\t\t\t\t<section class=\"elementor-section elementor-top-section elementor-element elementor-element-e08c720 elementor-section-boxed elementor-section-height-default elementor-section-height-default\" data-id=\"e08c720\" data-element_type=\"section\" data-e-type=\"section\" data-settings=\"{&quot;background_background&quot;:&quot;classic&quot;}\">\n\t\t\t\t\t\t<div class=\"elementor-container elementor-column-gap-default\">\n\t\t\t\t\t<div class=\"elementor-column elementor-col-100 elementor-top-column elementor-element elementor-element-e5bf5a4\" data-id=\"e5bf5a4\" data-element_type=\"column\" data-e-type=\"column\">\n\t\t\t<div class=\"elementor-widget-wrap elementor-element-populated\">\n\t\t\t\t\t\t<div class=\"elementor-element elementor-element-7ccb782 elementor-widget elementor-widget-image\" data-id=\"7ccb782\" data-element_type=\"widget\" data-e-type=\"widget\" data-widget_type=\"image.default\">\n\t\t\t\t<div class=\"elementor-widget-container\">\n\t\t\t\t\t\t\t\t\t\t\t\t\t\t\t<img fetchpriority=\"high\" decoding=\"async\" width=\"1810\" height=\"433\" src=\"https:\/\/gfc-fr.netmanage-dev.ch\/wp-content\/uploads\/2021\/05\/organigramme@2x.png\" class=\"attachment-full size-full wp-image-393\" alt=\"\" srcset=\"https:\/\/gfc-fr.netmanage-dev.ch\/wp-content\/uploads\/2021\/05\/organigramme@2x.png 1810w, https:\/\/gfc-fr.netmanage-dev.ch\/wp-content\/uploads\/2021\/05\/organigramme@2x-300x72.png 300w, https:\/\/gfc-fr.netmanage-dev.ch\/wp-content\/uploads\/2021\/05\/organigramme@2x-1024x245.png 1024w, https:\/\/gfc-fr.netmanage-dev.ch\/wp-content\/uploads\/2021\/05\/organigramme@2x-768x184.png 768w, https:\/\/gfc-fr.netmanage-dev.ch\/wp-content\/uploads\/2021\/05\/organigramme@2x-1536x367.png 1536w\" sizes=\"(max-width: 1810px) 100vw, 1810px\" \/>\t\t\t\t\t\t\t\t\t\t\t\t\t\t\t<\/div>\n\t\t\t\t<\/div>\n\t\t\t\t\t<\/div>\n\t\t<\/div>\n\t\t\t\t\t<\/div>\n\t\t<\/section>\n\t\t\t\t<section class=\"elementor-section elementor-top-section elementor-element elementor-element-69697d9 elementor-section-boxed elementor-section-height-default elementor-section-height-default\" data-id=\"69697d9\" data-element_type=\"section\" data-e-type=\"section\" data-settings=\"{&quot;background_background&quot;:&quot;classic&quot;}\">\n\t\t\t\t\t\t<div class=\"elementor-container elementor-column-gap-default\">\n\t\t\t\t\t<div class=\"elementor-column elementor-col-100 elementor-top-column elementor-element elementor-element-7925652\" data-id=\"7925652\" data-element_type=\"column\" data-e-type=\"column\">\n\t\t\t<div class=\"elementor-widget-wrap elementor-element-populated\">\n\t\t\t\t\t\t<div class=\"elementor-element elementor-element-06c4382 elementor-widget elementor-widget-heading\" data-id=\"06c4382\" data-element_type=\"widget\" data-e-type=\"widget\" data-widget_type=\"heading.default\">\n\t\t\t\t<div class=\"elementor-widget-container\">\n\t\t\t\t\t<h2 class=\"elementor-heading-title elementor-size-default\">Comit\u00e9<\/h2>\t\t\t\t<\/div>\n\t\t\t\t<\/div>\n\t\t\t\t<div class=\"elementor-element elementor-element-6fcfa9e elementor-widget elementor-widget-text-editor\" data-id=\"6fcfa9e\" data-element_type=\"widget\" data-e-type=\"widget\" data-widget_type=\"text-editor.default\">\n\t\t\t\t<div class=\"elementor-widget-container\">\n\t\t\t\t\t\t\t\t\t<p>Selon les statuts, le comit\u00e9 est nomm\u00e9 pour une p\u00e9riode de 3 ans et g\u00e8re l\u2019administration et les finances de l\u2019association. Il est compos\u00e9 de minimum 4 personnes.<\/p>\t\t\t\t\t\t\t\t<\/div>\n\t\t\t\t<\/div>\n\t\t\t\t<section class=\"elementor-section elementor-inner-section elementor-element elementor-element-5303cdc elementor-section-full_width elementor-section-height-default elementor-section-height-default\" data-id=\"5303cdc\" data-element_type=\"section\" data-e-type=\"section\">\n\t\t\t\t\t\t<div class=\"elementor-container elementor-column-gap-default\">\n\t\t\t\t\t<div class=\"elementor-column elementor-col-33 elementor-inner-column elementor-element elementor-element-4c2cf6e\" data-id=\"4c2cf6e\" data-element_type=\"column\" data-e-type=\"column\">\n\t\t\t<div class=\"elementor-widget-wrap elementor-element-populated\">\n\t\t\t\t\t\t<div class=\"elementor-element elementor-element-f4ff6e9 elementor-widget elementor-widget-image\" data-id=\"f4ff6e9\" data-element_type=\"widget\" data-e-type=\"widget\" data-widget_type=\"image.default\">\n\t\t\t\t<div class=\"elementor-widget-container\">\n\t\t\t\t\t\t\t\t\t\t\t\t\t\t\t<img decoding=\"async\" width=\"683\" height=\"1024\" src=\"https:\/\/gfc-fr.netmanage-dev.ch\/wp-content\/uploads\/2021\/11\/Walter-Sassi-683x1024.jpg\" class=\"attachment-large size-large wp-image-760\" alt=\"\" srcset=\"https:\/\/gfc-fr.netmanage-dev.ch\/wp-content\/uploads\/2021\/11\/Walter-Sassi-683x1024.jpg 683w, https:\/\/gfc-fr.netmanage-dev.ch\/wp-content\/uploads\/2021\/11\/Walter-Sassi-200x300.jpg 200w, https:\/\/gfc-fr.netmanage-dev.ch\/wp-content\/uploads\/2021\/11\/Walter-Sassi-768x1152.jpg 768w, https:\/\/gfc-fr.netmanage-dev.ch\/wp-content\/uploads\/2021\/11\/Walter-Sassi-1024x1536.jpg 1024w, https:\/\/gfc-fr.netmanage-dev.ch\/wp-content\/uploads\/2021\/11\/Walter-Sassi-1365x2048.jpg 1365w, https:\/\/gfc-fr.netmanage-dev.ch\/wp-content\/uploads\/2021\/11\/Walter-Sassi-scaled.jpg 1707w\" sizes=\"(max-width: 683px) 100vw, 683px\" \/>\t\t\t\t\t\t\t\t\t\t\t\t\t\t\t<\/div>\n\t\t\t\t<\/div>\n\t\t\t\t<div class=\"elementor-element elementor-element-5b9a8c0 elementor-widget elementor-widget-text-editor\" data-id=\"5b9a8c0\" data-element_type=\"widget\" data-e-type=\"widget\" data-widget_type=\"text-editor.default\">\n\t\t\t\t<div class=\"elementor-widget-container\">\n\t\t\t\t\t\t\t\t\t<p><strong class=\"bleu\">Walter Sassi<br \/><\/strong><strong>Pr\u00e9sident d&rsquo;honneur<br \/><\/strong><span style=\"color: #333333;\">2000-2021<\/span><\/p>\t\t\t\t\t\t\t\t<\/div>\n\t\t\t\t<\/div>\n\t\t\t\t\t<\/div>\n\t\t<\/div>\n\t\t\t\t<div class=\"elementor-column elementor-col-33 elementor-inner-column elementor-element elementor-element-067c9b9\" data-id=\"067c9b9\" data-element_type=\"column\" data-e-type=\"column\">\n\t\t\t<div class=\"elementor-widget-wrap elementor-element-populated\">\n\t\t\t\t\t\t<div class=\"elementor-element elementor-element-d34eba4 elementor-widget elementor-widget-image\" data-id=\"d34eba4\" data-element_type=\"widget\" data-e-type=\"widget\" data-widget_type=\"image.default\">\n\t\t\t\t<div class=\"elementor-widget-container\">\n\t\t\t\t\t\t\t\t\t\t\t\t\t\t\t<img decoding=\"async\" width=\"683\" height=\"1024\" src=\"https:\/\/gfc-fr.netmanage-dev.ch\/wp-content\/uploads\/2021\/11\/Pascal-Aebischer-683x1024.jpg\" class=\"attachment-large size-large wp-image-761\" alt=\"\" srcset=\"https:\/\/gfc-fr.netmanage-dev.ch\/wp-content\/uploads\/2021\/11\/Pascal-Aebischer-683x1024.jpg 683w, https:\/\/gfc-fr.netmanage-dev.ch\/wp-content\/uploads\/2021\/11\/Pascal-Aebischer-200x300.jpg 200w, https:\/\/gfc-fr.netmanage-dev.ch\/wp-content\/uploads\/2021\/11\/Pascal-Aebischer-768x1152.jpg 768w, https:\/\/gfc-fr.netmanage-dev.ch\/wp-content\/uploads\/2021\/11\/Pascal-Aebischer-1024x1536.jpg 1024w, https:\/\/gfc-fr.netmanage-dev.ch\/wp-content\/uploads\/2021\/11\/Pascal-Aebischer-1365x2048.jpg 1365w, https:\/\/gfc-fr.netmanage-dev.ch\/wp-content\/uploads\/2021\/11\/Pascal-Aebischer-scaled.jpg 1707w\" sizes=\"(max-width: 683px) 100vw, 683px\" \/>\t\t\t\t\t\t\t\t\t\t\t\t\t\t\t<\/div>\n\t\t\t\t<\/div>\n\t\t\t\t<div class=\"elementor-element elementor-element-d12ed3d elementor-widget elementor-widget-text-editor\" data-id=\"d12ed3d\" data-element_type=\"widget\" data-e-type=\"widget\" data-widget_type=\"text-editor.default\">\n\t\t\t\t<div class=\"elementor-widget-container\">\n\t\t\t\t\t\t\t\t\t<p><strong class=\"bleu\">Pascal Aebischer<br \/><\/strong><strong>Pr\u00e9sident<br \/><\/strong><\/p>\t\t\t\t\t\t\t\t<\/div>\n\t\t\t\t<\/div>\n\t\t\t\t\t<\/div>\n\t\t<\/div>\n\t\t\t\t<div class=\"elementor-column elementor-col-33 elementor-inner-column elementor-element elementor-element-610230d\" data-id=\"610230d\" data-element_type=\"column\" data-e-type=\"column\">\n\t\t\t<div class=\"elementor-widget-wrap elementor-element-populated\">\n\t\t\t\t\t\t<div class=\"elementor-element elementor-element-cd11cf6 elementor-widget elementor-widget-image\" data-id=\"cd11cf6\" data-element_type=\"widget\" data-e-type=\"widget\" data-widget_type=\"image.default\">\n\t\t\t\t<div class=\"elementor-widget-container\">\n\t\t\t\t\t\t\t\t\t\t\t\t\t\t\t<img loading=\"lazy\" decoding=\"async\" width=\"800\" height=\"600\" src=\"https:\/\/gfc-fr.netmanage-dev.ch\/wp-content\/uploads\/2021\/05\/comite\u0301.png\" class=\"attachment-large size-large wp-image-397\" alt=\"\" srcset=\"https:\/\/gfc-fr.netmanage-dev.ch\/wp-content\/uploads\/2021\/05\/comite\u0301.png 1024w, https:\/\/gfc-fr.netmanage-dev.ch\/wp-content\/uploads\/2021\/05\/comite\u0301-300x225.png 300w, https:\/\/gfc-fr.netmanage-dev.ch\/wp-content\/uploads\/2021\/05\/comite\u0301-768x576.png 768w\" sizes=\"(max-width: 800px) 100vw, 800px\" \/>\t\t\t\t\t\t\t\t\t\t\t\t\t\t\t<\/div>\n\t\t\t\t<\/div>\n\t\t\t\t<div class=\"elementor-element elementor-element-39ea8b2 elementor-widget elementor-widget-text-editor\" data-id=\"39ea8b2\" data-element_type=\"widget\" data-e-type=\"widget\" data-widget_type=\"text-editor.default\">\n\t\t\t\t<div class=\"elementor-widget-container\">\n\t\t\t\t\t\t\t\t\t<p><strong class=\"bleu\">Marc Wicht<br \/><\/strong><strong>Membre<\/strong><\/p>\t\t\t\t\t\t\t\t<\/div>\n\t\t\t\t<\/div>\n\t\t\t\t\t<\/div>\n\t\t<\/div>\n\t\t\t\t\t<\/div>\n\t\t<\/section>\n\t\t\t\t<section class=\"elementor-section elementor-inner-section elementor-element elementor-element-289ee8f elementor-section-full_width elementor-section-height-default elementor-section-height-default\" data-id=\"289ee8f\" data-element_type=\"section\" data-e-type=\"section\">\n\t\t\t\t\t\t<div class=\"elementor-container elementor-column-gap-default\">\n\t\t\t\t\t<div class=\"elementor-column elementor-col-25 elementor-inner-column elementor-element elementor-element-3c07883\" data-id=\"3c07883\" data-element_type=\"column\" data-e-type=\"column\">\n\t\t\t<div class=\"elementor-widget-wrap elementor-element-populated\">\n\t\t\t\t\t\t<div class=\"elementor-element elementor-element-60041c8 elementor-widget elementor-widget-image\" data-id=\"60041c8\" data-element_type=\"widget\" data-e-type=\"widget\" data-widget_type=\"image.default\">\n\t\t\t\t<div class=\"elementor-widget-container\">\n\t\t\t\t\t\t\t\t\t\t\t\t\t\t\t<img loading=\"lazy\" decoding=\"async\" width=\"1024\" height=\"768\" src=\"https:\/\/gfc-fr.netmanage-dev.ch\/wp-content\/uploads\/2021\/05\/comite\u0301.png\" class=\"attachment-2048x2048 size-2048x2048 wp-image-397\" alt=\"\" srcset=\"https:\/\/gfc-fr.netmanage-dev.ch\/wp-content\/uploads\/2021\/05\/comite\u0301.png 1024w, https:\/\/gfc-fr.netmanage-dev.ch\/wp-content\/uploads\/2021\/05\/comite\u0301-300x225.png 300w, https:\/\/gfc-fr.netmanage-dev.ch\/wp-content\/uploads\/2021\/05\/comite\u0301-768x576.png 768w\" sizes=\"(max-width: 1024px) 100vw, 1024px\" \/>\t\t\t\t\t\t\t\t\t\t\t\t\t\t\t<\/div>\n\t\t\t\t<\/div>\n\t\t\t\t<div class=\"elementor-element elementor-element-1279cc9 elementor-widget elementor-widget-text-editor\" data-id=\"1279cc9\" data-element_type=\"widget\" data-e-type=\"widget\" data-widget_type=\"text-editor.default\">\n\t\t\t\t<div class=\"elementor-widget-container\">\n\t\t\t\t\t\t\t\t\t<p><strong class=\"bleu\">Eric Sassi<br \/><\/strong><strong>Membre<\/strong><\/p>\t\t\t\t\t\t\t\t<\/div>\n\t\t\t\t<\/div>\n\t\t\t\t\t<\/div>\n\t\t<\/div>\n\t\t\t\t<div class=\"elementor-column elementor-col-25 elementor-inner-column elementor-element elementor-element-888a904\" data-id=\"888a904\" data-element_type=\"column\" data-e-type=\"column\">\n\t\t\t<div class=\"elementor-widget-wrap elementor-element-populated\">\n\t\t\t\t\t\t<div class=\"elementor-element elementor-element-3773a32 elementor-widget elementor-widget-image\" data-id=\"3773a32\" data-element_type=\"widget\" data-e-type=\"widget\" data-widget_type=\"image.default\">\n\t\t\t\t<div class=\"elementor-widget-container\">\n\t\t\t\t\t\t\t\t\t\t\t\t\t\t\t<img loading=\"lazy\" decoding=\"async\" width=\"683\" height=\"1024\" src=\"https:\/\/gfc-fr.netmanage-dev.ch\/wp-content\/uploads\/2021\/11\/Vincent-Godel-683x1024.jpg\" class=\"attachment-large size-large wp-image-763\" alt=\"\" srcset=\"https:\/\/gfc-fr.netmanage-dev.ch\/wp-content\/uploads\/2021\/11\/Vincent-Godel-683x1024.jpg 683w, https:\/\/gfc-fr.netmanage-dev.ch\/wp-content\/uploads\/2021\/11\/Vincent-Godel-200x300.jpg 200w, https:\/\/gfc-fr.netmanage-dev.ch\/wp-content\/uploads\/2021\/11\/Vincent-Godel-768x1152.jpg 768w, https:\/\/gfc-fr.netmanage-dev.ch\/wp-content\/uploads\/2021\/11\/Vincent-Godel-1024x1536.jpg 1024w, https:\/\/gfc-fr.netmanage-dev.ch\/wp-content\/uploads\/2021\/11\/Vincent-Godel-1365x2048.jpg 1365w, https:\/\/gfc-fr.netmanage-dev.ch\/wp-content\/uploads\/2021\/11\/Vincent-Godel-scaled.jpg 1707w\" sizes=\"(max-width: 683px) 100vw, 683px\" \/>\t\t\t\t\t\t\t\t\t\t\t\t\t\t\t<\/div>\n\t\t\t\t<\/div>\n\t\t\t\t<div class=\"elementor-element elementor-element-5085a3d elementor-widget elementor-widget-text-editor\" data-id=\"5085a3d\" data-element_type=\"widget\" data-e-type=\"widget\" data-widget_type=\"text-editor.default\">\n\t\t\t\t<div class=\"elementor-widget-container\">\n\t\t\t\t\t\t\t\t\t<p><strong class=\"bleu\">Vincent Godel<br \/><\/strong><strong>Membre<\/strong><\/p>\t\t\t\t\t\t\t\t<\/div>\n\t\t\t\t<\/div>\n\t\t\t\t\t<\/div>\n\t\t<\/div>\n\t\t\t\t<div class=\"elementor-column elementor-col-25 elementor-inner-column elementor-element elementor-element-4c68845\" data-id=\"4c68845\" data-element_type=\"column\" data-e-type=\"column\">\n\t\t\t<div class=\"elementor-widget-wrap elementor-element-populated\">\n\t\t\t\t\t\t<div class=\"elementor-element elementor-element-2005ba7 elementor-widget elementor-widget-image\" data-id=\"2005ba7\" data-element_type=\"widget\" data-e-type=\"widget\" data-widget_type=\"image.default\">\n\t\t\t\t<div class=\"elementor-widget-container\">\n\t\t\t\t\t\t\t\t\t\t\t\t\t\t\t<img loading=\"lazy\" decoding=\"async\" width=\"683\" height=\"1024\" src=\"https:\/\/gfc-fr.netmanage-dev.ch\/wp-content\/uploads\/2024\/10\/Robin_1365x2048-683x1024.jpg\" class=\"attachment-large size-large wp-image-1218\" alt=\"\" srcset=\"https:\/\/gfc-fr.netmanage-dev.ch\/wp-content\/uploads\/2024\/10\/Robin_1365x2048-683x1024.jpg 683w, https:\/\/gfc-fr.netmanage-dev.ch\/wp-content\/uploads\/2024\/10\/Robin_1365x2048-200x300.jpg 200w, https:\/\/gfc-fr.netmanage-dev.ch\/wp-content\/uploads\/2024\/10\/Robin_1365x2048-768x1152.jpg 768w, https:\/\/gfc-fr.netmanage-dev.ch\/wp-content\/uploads\/2024\/10\/Robin_1365x2048-1024x1536.jpg 1024w, https:\/\/gfc-fr.netmanage-dev.ch\/wp-content\/uploads\/2024\/10\/Robin_1365x2048.jpg 1365w\" sizes=\"(max-width: 683px) 100vw, 683px\" \/>\t\t\t\t\t\t\t\t\t\t\t\t\t\t\t<\/div>\n\t\t\t\t<\/div>\n\t\t\t\t<div class=\"elementor-element elementor-element-a0355f9 elementor-widget elementor-widget-text-editor\" data-id=\"a0355f9\" data-element_type=\"widget\" data-e-type=\"widget\" data-widget_type=\"text-editor.default\">\n\t\t\t\t<div class=\"elementor-widget-container\">\n\t\t\t\t\t\t\t\t\t<p><strong class=\"bleu\">Robin Schwab<br \/><\/strong><strong>Secr\u00e9taire patronal<\/strong><\/p>\t\t\t\t\t\t\t\t<\/div>\n\t\t\t\t<\/div>\n\t\t\t\t\t<\/div>\n\t\t<\/div>\n\t\t\t\t<div class=\"elementor-column elementor-col-25 elementor-inner-column elementor-element elementor-element-b8433e7\" data-id=\"b8433e7\" data-element_type=\"column\" data-e-type=\"column\">\n\t\t\t<div class=\"elementor-widget-wrap elementor-element-populated\">\n\t\t\t\t\t\t<div class=\"elementor-element elementor-element-86b4b87 elementor-widget elementor-widget-image\" data-id=\"86b4b87\" data-element_type=\"widget\" data-e-type=\"widget\" data-widget_type=\"image.default\">\n\t\t\t\t<div class=\"elementor-widget-container\">\n\t\t\t\t\t\t\t\t\t\t\t\t\t\t\t<img loading=\"lazy\" decoding=\"async\" width=\"683\" height=\"1024\" src=\"https:\/\/gfc-fr.netmanage-dev.ch\/wp-content\/uploads\/2025\/11\/DSC01040-Modifier-1-683x1024.jpg\" class=\"attachment-large size-large wp-image-1276\" alt=\"\" srcset=\"https:\/\/gfc-fr.netmanage-dev.ch\/wp-content\/uploads\/2025\/11\/DSC01040-Modifier-1-683x1024.jpg 683w, https:\/\/gfc-fr.netmanage-dev.ch\/wp-content\/uploads\/2025\/11\/DSC01040-Modifier-1-200x300.jpg 200w, https:\/\/gfc-fr.netmanage-dev.ch\/wp-content\/uploads\/2025\/11\/DSC01040-Modifier-1-768x1152.jpg 768w, https:\/\/gfc-fr.netmanage-dev.ch\/wp-content\/uploads\/2025\/11\/DSC01040-Modifier-1-1024x1536.jpg 1024w, https:\/\/gfc-fr.netmanage-dev.ch\/wp-content\/uploads\/2025\/11\/DSC01040-Modifier-1-1365x2048.jpg 1365w, https:\/\/gfc-fr.netmanage-dev.ch\/wp-content\/uploads\/2025\/11\/DSC01040-Modifier-1-scaled.jpg 1707w\" sizes=\"(max-width: 683px) 100vw, 683px\" \/>\t\t\t\t\t\t\t\t\t\t\t\t\t\t\t<\/div>\n\t\t\t\t<\/div>\n\t\t\t\t<div class=\"elementor-element elementor-element-34681e6 elementor-widget elementor-widget-text-editor\" data-id=\"34681e6\" data-element_type=\"widget\" data-e-type=\"widget\" data-widget_type=\"text-editor.default\">\n\t\t\t\t<div class=\"elementor-widget-container\">\n\t\t\t\t\t\t\t\t\t<p><strong class=\"bleu\">Jonas Maurer<br \/><\/strong><b>Assistant Administratif<\/b><\/p>\t\t\t\t\t\t\t\t<\/div>\n\t\t\t\t<\/div>\n\t\t\t\t\t<\/div>\n\t\t<\/div>\n\t\t\t\t\t<\/div>\n\t\t<\/section>\n\t\t\t\t\t<\/div>\n\t\t<\/div>\n\t\t\t\t\t<\/div>\n\t\t<\/section>\n\t\t\t\t<\/div>\n\t\t","protected":false},"excerpt":{"rendered":"<p>Groupement Le Groupement fribourgeois des carreleurs propose \u00e0 ses membres une vaste gamme de prestations. Conseils et soutien juridiques (droit du travail, application des conventions collectives de travail Soutien et encouragement \u00e0 la formation (cours de formation continue, sp\u00e9cialisation, s\u00e9curit\u00e9 au travail, formation sup\u00e9rieure), sous l\u2019\u00e9gide de la FeRC Soutien aux commissions d\u2019apprentissage pour le [&hellip;]<\/p>\n","protected":false},"author":6,"featured_media":0,"parent":0,"menu_order":0,"comment_status":"closed","ping_status":"closed","template":"elementor_header_footer","meta":{"footnotes":""},"class_list":["post-137","page","type-page","status-publish","hentry"],"yoast_head":"<!-- This site is optimized with the Yoast SEO plugin v27.5 - https:\/\/yoast.com\/product\/yoast-seo-wordpress\/ -->\n<title>Groupement - Groupement fribourgeois des Carreleurs<\/title>\n<meta name=\"robots\" content=\"index, follow, max-snippet:-1, max-image-preview:large, max-video-preview:-1\" \/>\n<link rel=\"canonical\" href=\"https:\/\/gfc-fr.netmanage-dev.ch\/index.php\/associations\/\" \/>\n<meta property=\"og:locale\" content=\"fr_FR\" \/>\n<meta property=\"og:type\" content=\"article\" \/>\n<meta property=\"og:title\" content=\"Groupement - Groupement fribourgeois des Carreleurs\" \/>\n<meta property=\"og:description\" content=\"Groupement Le Groupement fribourgeois des carreleurs propose \u00e0 ses membres une vaste gamme de prestations. Conseils et soutien juridiques (droit du travail, application des conventions collectives de travail Soutien et encouragement \u00e0 la formation (cours de formation continue, sp\u00e9cialisation, s\u00e9curit\u00e9 au travail, formation sup\u00e9rieure), sous l\u2019\u00e9gide de la FeRC Soutien aux commissions d\u2019apprentissage pour le [&hellip;]\" \/>\n<meta property=\"og:url\" content=\"https:\/\/gfc-fr.netmanage-dev.ch\/index.php\/associations\/\" \/>\n<meta property=\"og:site_name\" content=\"Groupement fribourgeois des Carreleurs\" \/>\n<meta property=\"article:modified_time\" content=\"2025-11-27T12:31:47+00:00\" \/>\n<meta property=\"og:image\" content=\"https:\/\/gfc-fr.netmanage-dev.ch\/wp-content\/uploads\/2021\/05\/organigramme@2x.png\" \/>\n\t<meta property=\"og:image:width\" content=\"1810\" \/>\n\t<meta property=\"og:image:height\" content=\"433\" \/>\n\t<meta property=\"og:image:type\" content=\"image\/png\" \/>\n<meta name=\"twitter:card\" content=\"summary_large_image\" \/>\n<meta name=\"twitter:label1\" content=\"Dur\u00e9e de lecture estim\u00e9e\" \/>\n\t<meta name=\"twitter:data1\" content=\"3 minutes\" \/>\n<script type=\"application\/ld+json\" class=\"yoast-schema-graph\">{\"@context\":\"https:\\\/\\\/schema.org\",\"@graph\":[{\"@type\":\"WebPage\",\"@id\":\"https:\\\/\\\/gfc-fr.netmanage-dev.ch\\\/index.php\\\/associations\\\/\",\"url\":\"https:\\\/\\\/gfc-fr.netmanage-dev.ch\\\/index.php\\\/associations\\\/\",\"name\":\"Groupement - Groupement fribourgeois des Carreleurs\",\"isPartOf\":{\"@id\":\"https:\\\/\\\/gfc-fr.netmanage-dev.ch\\\/#website\"},\"primaryImageOfPage\":{\"@id\":\"https:\\\/\\\/gfc-fr.netmanage-dev.ch\\\/index.php\\\/associations\\\/#primaryimage\"},\"image\":{\"@id\":\"https:\\\/\\\/gfc-fr.netmanage-dev.ch\\\/index.php\\\/associations\\\/#primaryimage\"},\"thumbnailUrl\":\"https:\\\/\\\/gfc-fr.netmanage-dev.ch\\\/wp-content\\\/uploads\\\/2021\\\/05\\\/organigramme@2x.png\",\"datePublished\":\"2021-04-22T08:51:36+00:00\",\"dateModified\":\"2025-11-27T12:31:47+00:00\",\"breadcrumb\":{\"@id\":\"https:\\\/\\\/gfc-fr.netmanage-dev.ch\\\/index.php\\\/associations\\\/#breadcrumb\"},\"inLanguage\":\"fr-FR\",\"potentialAction\":[{\"@type\":\"ReadAction\",\"target\":[\"https:\\\/\\\/gfc-fr.netmanage-dev.ch\\\/index.php\\\/associations\\\/\"]}]},{\"@type\":\"ImageObject\",\"inLanguage\":\"fr-FR\",\"@id\":\"https:\\\/\\\/gfc-fr.netmanage-dev.ch\\\/index.php\\\/associations\\\/#primaryimage\",\"url\":\"https:\\\/\\\/gfc-fr.netmanage-dev.ch\\\/wp-content\\\/uploads\\\/2021\\\/05\\\/organigramme@2x.png\",\"contentUrl\":\"https:\\\/\\\/gfc-fr.netmanage-dev.ch\\\/wp-content\\\/uploads\\\/2021\\\/05\\\/organigramme@2x.png\",\"width\":1810,\"height\":433},{\"@type\":\"BreadcrumbList\",\"@id\":\"https:\\\/\\\/gfc-fr.netmanage-dev.ch\\\/index.php\\\/associations\\\/#breadcrumb\",\"itemListElement\":[{\"@type\":\"ListItem\",\"position\":1,\"name\":\"Accueil\",\"item\":\"https:\\\/\\\/gfc-fr.netmanage-dev.ch\\\/\"},{\"@type\":\"ListItem\",\"position\":2,\"name\":\"Groupement\"}]},{\"@type\":\"WebSite\",\"@id\":\"https:\\\/\\\/gfc-fr.netmanage-dev.ch\\\/#website\",\"url\":\"https:\\\/\\\/gfc-fr.netmanage-dev.ch\\\/\",\"name\":\"Groupement fribourgeois des Carreleurs\",\"description\":\"\",\"potentialAction\":[{\"@type\":\"SearchAction\",\"target\":{\"@type\":\"EntryPoint\",\"urlTemplate\":\"https:\\\/\\\/gfc-fr.netmanage-dev.ch\\\/?s={search_term_string}\"},\"query-input\":{\"@type\":\"PropertyValueSpecification\",\"valueRequired\":true,\"valueName\":\"search_term_string\"}}],\"inLanguage\":\"fr-FR\"}]}<\/script>\n<!-- \/ Yoast SEO plugin. -->","yoast_head_json":{"title":"Groupement - Groupement fribourgeois des Carreleurs","robots":{"index":"index","follow":"follow","max-snippet":"max-snippet:-1","max-image-preview":"max-image-preview:large","max-video-preview":"max-video-preview:-1"},"canonical":"https:\/\/gfc-fr.netmanage-dev.ch\/index.php\/associations\/","og_locale":"fr_FR","og_type":"article","og_title":"Groupement - Groupement fribourgeois des Carreleurs","og_description":"Groupement Le Groupement fribourgeois des carreleurs propose \u00e0 ses membres une vaste gamme de prestations. Conseils et soutien juridiques (droit du travail, application des conventions collectives de travail Soutien et encouragement \u00e0 la formation (cours de formation continue, sp\u00e9cialisation, s\u00e9curit\u00e9 au travail, formation sup\u00e9rieure), sous l\u2019\u00e9gide de la FeRC Soutien aux commissions d\u2019apprentissage pour le [&hellip;]","og_url":"https:\/\/gfc-fr.netmanage-dev.ch\/index.php\/associations\/","og_site_name":"Groupement fribourgeois des Carreleurs","article_modified_time":"2025-11-27T12:31:47+00:00","og_image":[{"width":1810,"height":433,"url":"https:\/\/gfc-fr.netmanage-dev.ch\/wp-content\/uploads\/2021\/05\/organigramme@2x.png","type":"image\/png"}],"twitter_card":"summary_large_image","twitter_misc":{"Dur\u00e9e de lecture estim\u00e9e":"3 minutes"},"schema":{"@context":"https:\/\/schema.org","@graph":[{"@type":"WebPage","@id":"https:\/\/gfc-fr.netmanage-dev.ch\/index.php\/associations\/","url":"https:\/\/gfc-fr.netmanage-dev.ch\/index.php\/associations\/","name":"Groupement - Groupement fribourgeois des Carreleurs","isPartOf":{"@id":"https:\/\/gfc-fr.netmanage-dev.ch\/#website"},"primaryImageOfPage":{"@id":"https:\/\/gfc-fr.netmanage-dev.ch\/index.php\/associations\/#primaryimage"},"image":{"@id":"https:\/\/gfc-fr.netmanage-dev.ch\/index.php\/associations\/#primaryimage"},"thumbnailUrl":"https:\/\/gfc-fr.netmanage-dev.ch\/wp-content\/uploads\/2021\/05\/organigramme@2x.png","datePublished":"2021-04-22T08:51:36+00:00","dateModified":"2025-11-27T12:31:47+00:00","breadcrumb":{"@id":"https:\/\/gfc-fr.netmanage-dev.ch\/index.php\/associations\/#breadcrumb"},"inLanguage":"fr-FR","potentialAction":[{"@type":"ReadAction","target":["https:\/\/gfc-fr.netmanage-dev.ch\/index.php\/associations\/"]}]},{"@type":"ImageObject","inLanguage":"fr-FR","@id":"https:\/\/gfc-fr.netmanage-dev.ch\/index.php\/associations\/#primaryimage","url":"https:\/\/gfc-fr.netmanage-dev.ch\/wp-content\/uploads\/2021\/05\/organigramme@2x.png","contentUrl":"https:\/\/gfc-fr.netmanage-dev.ch\/wp-content\/uploads\/2021\/05\/organigramme@2x.png","width":1810,"height":433},{"@type":"BreadcrumbList","@id":"https:\/\/gfc-fr.netmanage-dev.ch\/index.php\/associations\/#breadcrumb","itemListElement":[{"@type":"ListItem","position":1,"name":"Accueil","item":"https:\/\/gfc-fr.netmanage-dev.ch\/"},{"@type":"ListItem","position":2,"name":"Groupement"}]},{"@type":"WebSite","@id":"https:\/\/gfc-fr.netmanage-dev.ch\/#website","url":"https:\/\/gfc-fr.netmanage-dev.ch\/","name":"Groupement fribourgeois des Carreleurs","description":"","potentialAction":[{"@type":"SearchAction","target":{"@type":"EntryPoint","urlTemplate":"https:\/\/gfc-fr.netmanage-dev.ch\/?s={search_term_string}"},"query-input":{"@type":"PropertyValueSpecification","valueRequired":true,"valueName":"search_term_string"}}],"inLanguage":"fr-FR"}]}},"_links":{"self":[{"href":"https:\/\/gfc-fr.netmanage-dev.ch\/index.php\/wp-json\/wp\/v2\/pages\/137","targetHints":{"allow":["GET"]}}],"collection":[{"href":"https:\/\/gfc-fr.netmanage-dev.ch\/index.php\/wp-json\/wp\/v2\/pages"}],"about":[{"href":"https:\/\/gfc-fr.netmanage-dev.ch\/index.php\/wp-json\/wp\/v2\/types\/page"}],"author":[{"embeddable":true,"href":"https:\/\/gfc-fr.netmanage-dev.ch\/index.php\/wp-json\/wp\/v2\/users\/6"}],"replies":[{"embeddable":true,"href":"https:\/\/gfc-fr.netmanage-dev.ch\/index.php\/wp-json\/wp\/v2\/comments?post=137"}],"version-history":[{"count":183,"href":"https:\/\/gfc-fr.netmanage-dev.ch\/index.php\/wp-json\/wp\/v2\/pages\/137\/revisions"}],"predecessor-version":[{"id":1279,"href":"https:\/\/gfc-fr.netmanage-dev.ch\/index.php\/wp-json\/wp\/v2\/pages\/137\/revisions\/1279"}],"wp:attachment":[{"href":"https:\/\/gfc-fr.netmanage-dev.ch\/index.php\/wp-json\/wp\/v2\/media?parent=137"}],"curies":[{"name":"wp","href":"https:\/\/api.w.org\/{rel}","templated":true}]}}