{"id":175,"date":"2021-04-22T11:15:51","date_gmt":"2021-04-22T11:15:51","guid":{"rendered":"https:\/\/gfc-fr.netmanage-dev.ch\/?page_id=175"},"modified":"2026-02-03T13:34:28","modified_gmt":"2026-02-03T13:34:28","slug":"formation","status":"publish","type":"page","link":"https:\/\/gfc-fr.netmanage-dev.ch\/index.php\/formation\/","title":{"rendered":"Formation"},"content":{"rendered":"\t\t<div data-elementor-type=\"wp-page\" data-elementor-id=\"175\" class=\"elementor elementor-175\" data-elementor-post-type=\"page\">\n\t\t\t\t\t\t<section class=\"elementor-section elementor-top-section elementor-element elementor-element-38042d3 elementor-section-boxed elementor-section-height-default elementor-section-height-default\" data-id=\"38042d3\" data-element_type=\"section\" data-e-type=\"section\">\n\t\t\t\t\t\t<div class=\"elementor-container elementor-column-gap-default\">\n\t\t\t\t\t<div class=\"elementor-column elementor-col-100 elementor-top-column elementor-element elementor-element-96f9bfb\" data-id=\"96f9bfb\" data-element_type=\"column\" data-e-type=\"column\">\n\t\t\t<div class=\"elementor-widget-wrap elementor-element-populated\">\n\t\t\t\t\t\t<section class=\"elementor-section elementor-inner-section elementor-element elementor-element-8f8d149 elementor-section-full_width elementor-section-height-min-height elementor-section-height-default\" data-id=\"8f8d149\" data-element_type=\"section\" data-e-type=\"section\" data-settings=\"{&quot;background_background&quot;:&quot;classic&quot;}\">\n\t\t\t\t\t\t<div class=\"elementor-container elementor-column-gap-default\">\n\t\t\t\t\t<div class=\"elementor-column elementor-col-50 elementor-inner-column elementor-element elementor-element-e95f6f8\" data-id=\"e95f6f8\" data-element_type=\"column\" data-e-type=\"column\" data-settings=\"{&quot;background_background&quot;:&quot;classic&quot;}\">\n\t\t\t<div class=\"elementor-widget-wrap\">\n\t\t\t\t\t\t\t<\/div>\n\t\t<\/div>\n\t\t\t\t<div class=\"elementor-column elementor-col-50 elementor-inner-column elementor-element elementor-element-e987c50\" data-id=\"e987c50\" data-element_type=\"column\" data-e-type=\"column\" data-settings=\"{&quot;background_background&quot;:&quot;classic&quot;}\">\n\t\t\t<div class=\"elementor-widget-wrap elementor-element-populated\">\n\t\t\t\t\t\t<div class=\"elementor-element elementor-element-c8d681c elementor-widget elementor-widget-heading\" data-id=\"c8d681c\" data-element_type=\"widget\" data-e-type=\"widget\" data-widget_type=\"heading.default\">\n\t\t\t\t<div class=\"elementor-widget-container\">\n\t\t\t\t\t<h2 class=\"elementor-heading-title elementor-size-default\">Formation<\/h2>\t\t\t\t<\/div>\n\t\t\t\t<\/div>\n\t\t\t\t<div class=\"elementor-element elementor-element-4bed10f elementor-widget elementor-widget-text-editor\" data-id=\"4bed10f\" data-element_type=\"widget\" data-e-type=\"widget\" data-widget_type=\"text-editor.default\">\n\t\t\t\t<div class=\"elementor-widget-container\">\n\t\t\t\t\t\t\t\t\t<p>Le GFC, en collaboration avec la F\u00e9d\u00e9ration fribourgeoise des entrepreneurs (FFE) et le Service de la formation professionnelle (SFP) proposent, en plus de la formation duale, divers cours de perfectionnement professionnel. De plus, avec la collaboration active de nos partenaires et de notre association fa\u00eeti\u00e8re (FeRC) divers cours de perfectionnement professionnel et cursus sont organis\u00e9s.<\/p>\t\t\t\t\t\t\t\t<\/div>\n\t\t\t\t<\/div>\n\t\t\t\t\t<\/div>\n\t\t<\/div>\n\t\t\t\t\t<\/div>\n\t\t<\/section>\n\t\t\t\t\t<\/div>\n\t\t<\/div>\n\t\t\t\t\t<\/div>\n\t\t<\/section>\n\t\t\t\t<section class=\"elementor-section elementor-top-section elementor-element elementor-element-10ee77d elementor-section-boxed elementor-section-height-default elementor-section-height-default\" data-id=\"10ee77d\" data-element_type=\"section\" data-e-type=\"section\">\n\t\t\t\t\t\t<div class=\"elementor-container elementor-column-gap-default\">\n\t\t\t\t\t<div class=\"elementor-column elementor-col-20 elementor-top-column elementor-element elementor-element-4cb846a\" data-id=\"4cb846a\" data-element_type=\"column\" data-e-type=\"column\">\n\t\t\t<div class=\"elementor-widget-wrap elementor-element-populated\">\n\t\t\t\t\t\t<div class=\"elementor-element elementor-element-7af02e4 elementor-widget elementor-widget-heading\" data-id=\"7af02e4\" data-element_type=\"widget\" data-e-type=\"widget\" id=\"atelier\" data-widget_type=\"heading.default\">\n\t\t\t\t<div class=\"elementor-widget-container\">\n\t\t\t\t\t<h2 class=\"elementor-heading-title elementor-size-default\"><a href=\"#moniteurs\">MONITEURS &amp; ATELIERS<\/a><\/h2>\t\t\t\t<\/div>\n\t\t\t\t<\/div>\n\t\t\t\t\t<\/div>\n\t\t<\/div>\n\t\t\t\t<div class=\"elementor-column elementor-col-20 elementor-top-column elementor-element elementor-element-b768f5d\" data-id=\"b768f5d\" data-element_type=\"column\" data-e-type=\"column\">\n\t\t\t<div class=\"elementor-widget-wrap elementor-element-populated\">\n\t\t\t\t\t\t<div class=\"elementor-element elementor-element-cc91605 elementor-widget elementor-widget-heading\" data-id=\"cc91605\" data-element_type=\"widget\" data-e-type=\"widget\" data-widget_type=\"heading.default\">\n\t\t\t\t<div class=\"elementor-widget-container\">\n\t\t\t\t\t<h2 class=\"elementor-heading-title elementor-size-default\"><a href=\"#initiale\">FORMATION INITIALE<\/a><\/h2>\t\t\t\t<\/div>\n\t\t\t\t<\/div>\n\t\t\t\t\t<\/div>\n\t\t<\/div>\n\t\t\t\t<div class=\"elementor-column elementor-col-20 elementor-top-column elementor-element elementor-element-cbcabe6\" data-id=\"cbcabe6\" data-element_type=\"column\" data-e-type=\"column\">\n\t\t\t<div class=\"elementor-widget-wrap elementor-element-populated\">\n\t\t\t\t\t\t<div class=\"elementor-element elementor-element-debe9ee elementor-widget elementor-widget-heading\" data-id=\"debe9ee\" data-element_type=\"widget\" data-e-type=\"widget\" data-widget_type=\"heading.default\">\n\t\t\t\t<div class=\"elementor-widget-container\">\n\t\t\t\t\t<h2 class=\"elementor-heading-title elementor-size-default\"><a href=\"#superieur\">FORMATION SUPERIEURE<\/a><\/h2>\t\t\t\t<\/div>\n\t\t\t\t<\/div>\n\t\t\t\t\t<\/div>\n\t\t<\/div>\n\t\t\t\t<div class=\"elementor-column elementor-col-20 elementor-top-column elementor-element elementor-element-a9f35f5\" data-id=\"a9f35f5\" data-element_type=\"column\" data-e-type=\"column\">\n\t\t\t<div class=\"elementor-widget-wrap elementor-element-populated\">\n\t\t\t\t\t\t<div class=\"elementor-element elementor-element-8a17ccd elementor-widget elementor-widget-heading\" data-id=\"8a17ccd\" data-element_type=\"widget\" data-e-type=\"widget\" data-widget_type=\"heading.default\">\n\t\t\t\t<div class=\"elementor-widget-container\">\n\t\t\t\t\t<h2 class=\"elementor-heading-title elementor-size-default\"><a href=\"#continue\">FORMATION CONTINUE<\/a><\/h2>\t\t\t\t<\/div>\n\t\t\t\t<\/div>\n\t\t\t\t\t<\/div>\n\t\t<\/div>\n\t\t\t\t<div class=\"elementor-column elementor-col-20 elementor-top-column elementor-element elementor-element-e5b44d3\" data-id=\"e5b44d3\" data-element_type=\"column\" data-e-type=\"column\">\n\t\t\t<div class=\"elementor-widget-wrap elementor-element-populated\">\n\t\t\t\t\t\t<div class=\"elementor-element elementor-element-f700883 elementor-widget elementor-widget-heading\" data-id=\"f700883\" data-element_type=\"widget\" data-e-type=\"widget\" data-widget_type=\"heading.default\">\n\t\t\t\t<div class=\"elementor-widget-container\">\n\t\t\t\t\t<h2 class=\"elementor-heading-title elementor-size-default\"><a href=\"#travail\">SECURITE AU TRAVAIL<\/a><\/h2>\t\t\t\t<\/div>\n\t\t\t\t<\/div>\n\t\t\t\t\t<\/div>\n\t\t<\/div>\n\t\t\t\t\t<\/div>\n\t\t<\/section>\n\t\t\t\t<section class=\"elementor-section elementor-top-section elementor-element elementor-element-69697d9 elementor-section-full_width elementor-section-height-default elementor-section-height-default\" data-id=\"69697d9\" data-element_type=\"section\" data-e-type=\"section\" id=\"moniteurs\" data-settings=\"{&quot;background_background&quot;:&quot;classic&quot;}\">\n\t\t\t\t\t\t<div class=\"elementor-container elementor-column-gap-default\">\n\t\t\t\t\t<div class=\"elementor-column elementor-col-100 elementor-top-column elementor-element elementor-element-7925652\" data-id=\"7925652\" data-element_type=\"column\" data-e-type=\"column\">\n\t\t\t<div class=\"elementor-widget-wrap elementor-element-populated\">\n\t\t\t\t\t\t<div class=\"elementor-element elementor-element-2a321ae elementor-widget elementor-widget-heading\" data-id=\"2a321ae\" data-element_type=\"widget\" data-e-type=\"widget\" data-widget_type=\"heading.default\">\n\t\t\t\t<div class=\"elementor-widget-container\">\n\t\t\t\t\t<h2 class=\"elementor-heading-title elementor-size-default\">notre moniteur<\/h2>\t\t\t\t<\/div>\n\t\t\t\t<\/div>\n\t\t\t\t<div class=\"elementor-element elementor-element-06c4382 elementor-widget elementor-widget-heading\" data-id=\"06c4382\" data-element_type=\"widget\" data-e-type=\"widget\" data-widget_type=\"heading.default\">\n\t\t\t\t<div class=\"elementor-widget-container\">\n\t\t\t\t\t<h4 class=\"elementor-heading-title elementor-size-default\">Jean-Luc Castella<\/h4>\t\t\t\t<\/div>\n\t\t\t\t<\/div>\n\t\t\t\t<div class=\"elementor-element elementor-element-51ea395 elementor-widget elementor-widget-image\" data-id=\"51ea395\" data-element_type=\"widget\" data-e-type=\"widget\" data-widget_type=\"image.default\">\n\t\t\t\t<div class=\"elementor-widget-container\">\n\t\t\t\t\t\t\t\t\t\t\t\t\t\t\t<img fetchpriority=\"high\" decoding=\"async\" width=\"680\" height=\"1024\" src=\"https:\/\/gfc-fr.netmanage-dev.ch\/wp-content\/uploads\/2021\/10\/Castelas_Jean-Luc-680x1024.jpg\" class=\"attachment-large size-large wp-image-754\" alt=\"\" srcset=\"https:\/\/gfc-fr.netmanage-dev.ch\/wp-content\/uploads\/2021\/10\/Castelas_Jean-Luc-680x1024.jpg 680w, https:\/\/gfc-fr.netmanage-dev.ch\/wp-content\/uploads\/2021\/10\/Castelas_Jean-Luc-199x300.jpg 199w, https:\/\/gfc-fr.netmanage-dev.ch\/wp-content\/uploads\/2021\/10\/Castelas_Jean-Luc-768x1156.jpg 768w, https:\/\/gfc-fr.netmanage-dev.ch\/wp-content\/uploads\/2021\/10\/Castelas_Jean-Luc-1020x1536.jpg 1020w, https:\/\/gfc-fr.netmanage-dev.ch\/wp-content\/uploads\/2021\/10\/Castelas_Jean-Luc-1360x2048.jpg 1360w, https:\/\/gfc-fr.netmanage-dev.ch\/wp-content\/uploads\/2021\/10\/Castelas_Jean-Luc-scaled.jpg 1700w\" sizes=\"(max-width: 680px) 100vw, 680px\" \/>\t\t\t\t\t\t\t\t\t\t\t\t\t\t\t<\/div>\n\t\t\t\t<\/div>\n\t\t\t\t<div class=\"elementor-element elementor-element-1ae3723 elementor-widget-divider--view-line elementor-widget elementor-widget-divider\" data-id=\"1ae3723\" data-element_type=\"widget\" data-e-type=\"widget\" data-widget_type=\"divider.default\">\n\t\t\t\t<div class=\"elementor-widget-container\">\n\t\t\t\t\t\t\t<div class=\"elementor-divider\">\n\t\t\t<span class=\"elementor-divider-separator\">\n\t\t\t\t\t\t<\/span>\n\t\t<\/div>\n\t\t\t\t\t\t<\/div>\n\t\t\t\t<\/div>\n\t\t\t\t<div class=\"elementor-element elementor-element-7857ac9 elementor-widget elementor-widget-heading\" data-id=\"7857ac9\" data-element_type=\"widget\" data-e-type=\"widget\" data-widget_type=\"heading.default\">\n\t\t\t\t<div class=\"elementor-widget-container\">\n\t\t\t\t\t<h2 class=\"elementor-heading-title elementor-size-default\">Nos ateliers<br><br><span>Atelier des carreleurs, P\u00f4le 7, 1791 Courtaman<\/span><\/h2>\t\t\t\t<\/div>\n\t\t\t\t<\/div>\n\t\t\t\t<div class=\"elementor-element elementor-element-1afc575 elementor-widget elementor-widget-google_maps\" data-id=\"1afc575\" data-element_type=\"widget\" data-e-type=\"widget\" data-widget_type=\"google_maps.default\">\n\t\t\t\t<div class=\"elementor-widget-container\">\n\t\t\t\t\t\t\t<div class=\"elementor-custom-embed\">\n\t\t\t<iframe loading=\"lazy\"\n\t\t\t\t\tsrc=\"https:\/\/maps.google.com\/maps?q=Rte%20de%20l%27industrie%2C%20Courtaman&#038;t=m&#038;z=17&#038;output=embed&#038;iwloc=near\"\n\t\t\t\t\ttitle=\"Rte de l&#039;industrie, Courtaman\"\n\t\t\t\t\taria-label=\"Rte de l&#039;industrie, Courtaman\"\n\t\t\t><\/iframe>\n\t\t<\/div>\n\t\t\t\t\t\t<\/div>\n\t\t\t\t<\/div>\n\t\t\t\t\t<\/div>\n\t\t<\/div>\n\t\t\t\t\t<\/div>\n\t\t<\/section>\n\t\t\t\t<section class=\"elementor-section elementor-top-section elementor-element elementor-element-ba18c86 elementor-section-boxed elementor-section-height-default elementor-section-height-default\" data-id=\"ba18c86\" data-element_type=\"section\" data-e-type=\"section\" id=\"initiale\" data-settings=\"{&quot;background_background&quot;:&quot;classic&quot;}\">\n\t\t\t\t\t\t<div class=\"elementor-container elementor-column-gap-default\">\n\t\t\t\t\t<div class=\"elementor-column elementor-col-100 elementor-top-column elementor-element elementor-element-f440dae\" data-id=\"f440dae\" data-element_type=\"column\" data-e-type=\"column\">\n\t\t\t<div class=\"elementor-widget-wrap elementor-element-populated\">\n\t\t\t\t\t\t<div class=\"elementor-element elementor-element-ccbdc90 elementor-widget elementor-widget-heading\" data-id=\"ccbdc90\" data-element_type=\"widget\" data-e-type=\"widget\" data-widget_type=\"heading.default\">\n\t\t\t\t<div class=\"elementor-widget-container\">\n\t\t\t\t\t<h2 class=\"elementor-heading-title elementor-size-default\">FORMATION INITIALE<\/h2>\t\t\t\t<\/div>\n\t\t\t\t<\/div>\n\t\t\t\t<div class=\"elementor-element elementor-element-a2f5a09 elementor-widget elementor-widget-text-editor\" data-id=\"a2f5a09\" data-element_type=\"widget\" data-e-type=\"widget\" data-widget_type=\"text-editor.default\">\n\t\t\t\t<div class=\"elementor-widget-container\">\n\t\t\t\t\t\t\t\t\t<p>La FFE organise les cours interentreprises pour les apprentis. Pour devenir carreleur la formation d\u00e9bute g\u00e9n\u00e9ralement par un apprentissage dans une entreprise.<\/p><ul><li>Carreleur CFC, formation en 3 ans<\/li><li>Aide-carreleur AFP, formation en 2 ans<\/li><\/ul>\t\t\t\t\t\t\t\t<\/div>\n\t\t\t\t<\/div>\n\t\t\t\t<div class=\"elementor-element elementor-element-6e399ab elementor-align-left elementor-widget elementor-widget-button\" data-id=\"6e399ab\" data-element_type=\"widget\" data-e-type=\"widget\" data-widget_type=\"button.default\">\n\t\t\t\t<div class=\"elementor-widget-container\">\n\t\t\t\t\t\t\t\t\t<div class=\"elementor-button-wrapper\">\n\t\t\t\t\t<a class=\"elementor-button elementor-button-link elementor-size-sm\" href=\"https:\/\/www.orientation.ch\/dyn\/show\/1893\" target=\"_blank\">\n\t\t\t\t\t\t<span class=\"elementor-button-content-wrapper\">\n\t\t\t\t\t\t\t\t\t<span class=\"elementor-button-text\">l\u2019orientation professionnelle <\/span>\n\t\t\t\t\t<\/span>\n\t\t\t\t\t<\/a>\n\t\t\t\t<\/div>\n\t\t\t\t\t\t\t\t<\/div>\n\t\t\t\t<\/div>\n\t\t\t\t<div class=\"elementor-element elementor-element-4d9025b elementor-widget-divider--view-line elementor-widget elementor-widget-divider\" data-id=\"4d9025b\" data-element_type=\"widget\" data-e-type=\"widget\" data-widget_type=\"divider.default\">\n\t\t\t\t<div class=\"elementor-widget-container\">\n\t\t\t\t\t\t\t<div class=\"elementor-divider\">\n\t\t\t<span class=\"elementor-divider-separator\">\n\t\t\t\t\t\t<\/span>\n\t\t<\/div>\n\t\t\t\t\t\t<\/div>\n\t\t\t\t<\/div>\n\t\t\t\t\t<\/div>\n\t\t<\/div>\n\t\t\t\t\t<\/div>\n\t\t<\/section>\n\t\t\t\t<section class=\"elementor-section elementor-top-section elementor-element elementor-element-f94206e elementor-section-boxed elementor-section-height-default elementor-section-height-default\" data-id=\"f94206e\" data-element_type=\"section\" data-e-type=\"section\" data-settings=\"{&quot;background_background&quot;:&quot;classic&quot;}\">\n\t\t\t\t\t\t<div class=\"elementor-container elementor-column-gap-default\">\n\t\t\t\t\t<div class=\"elementor-column elementor-col-50 elementor-top-column elementor-element elementor-element-4dfb226\" data-id=\"4dfb226\" data-element_type=\"column\" data-e-type=\"column\">\n\t\t\t<div class=\"elementor-widget-wrap elementor-element-populated\">\n\t\t\t\t\t\t<div class=\"elementor-element elementor-element-335f930 elementor-widget elementor-widget-heading\" data-id=\"335f930\" data-element_type=\"widget\" data-e-type=\"widget\" data-widget_type=\"heading.default\">\n\t\t\t\t<div class=\"elementor-widget-container\">\n\t\t\t\t\t<h2 class=\"elementor-heading-title elementor-size-default\">En recherche d\u2019un stage pratique<\/h2>\t\t\t\t<\/div>\n\t\t\t\t<\/div>\n\t\t\t\t<div class=\"elementor-element elementor-element-9e891fc elementor-widget elementor-widget-text-editor\" data-id=\"9e891fc\" data-element_type=\"widget\" data-e-type=\"widget\" data-widget_type=\"text-editor.default\">\n\t\t\t\t<div class=\"elementor-widget-container\">\n\t\t\t\t\t\t\t\t\t<p>Vous d\u00e9sirez mieux conna\u00eetre l\u2019environnement concret du m\u00e9tier de carreleur, inscrivez-vous sans plus tarder sur le site\u00a0 Fristages. Vous pourrez ainsi vous immerger, directement dans une entreprise, dans l\u2019univers du m\u00e9tier en d\u00e9couvrant les activit\u00e9s quotidiennes li\u00e9es \u00e0 la pratique de la profession.<\/p>\t\t\t\t\t\t\t\t<\/div>\n\t\t\t\t<\/div>\n\t\t\t\t<div class=\"elementor-element elementor-element-27c1051 elementor-align-left elementor-widget elementor-widget-button\" data-id=\"27c1051\" data-element_type=\"widget\" data-e-type=\"widget\" data-widget_type=\"button.default\">\n\t\t\t\t<div class=\"elementor-widget-container\">\n\t\t\t\t\t\t\t\t\t<div class=\"elementor-button-wrapper\">\n\t\t\t\t\t<a class=\"elementor-button elementor-button-link elementor-size-sm\" href=\"https:\/\/www.fristages.ch\/\" target=\"_blank\">\n\t\t\t\t\t\t<span class=\"elementor-button-content-wrapper\">\n\t\t\t\t\t\t\t\t\t<span class=\"elementor-button-text\">Fristages<\/span>\n\t\t\t\t\t<\/span>\n\t\t\t\t\t<\/a>\n\t\t\t\t<\/div>\n\t\t\t\t\t\t\t\t<\/div>\n\t\t\t\t<\/div>\n\t\t\t\t\t<\/div>\n\t\t<\/div>\n\t\t\t\t<div class=\"elementor-column elementor-col-50 elementor-top-column elementor-element elementor-element-9760365\" data-id=\"9760365\" data-element_type=\"column\" data-e-type=\"column\">\n\t\t\t<div class=\"elementor-widget-wrap elementor-element-populated\">\n\t\t\t\t\t\t<div class=\"elementor-element elementor-element-3cf1178 elementor-widget elementor-widget-heading\" data-id=\"3cf1178\" data-element_type=\"widget\" data-e-type=\"widget\" data-widget_type=\"heading.default\">\n\t\t\t\t<div class=\"elementor-widget-container\">\n\t\t\t\t\t<h2 class=\"elementor-heading-title elementor-size-default\">En recherche d\u2019une place d\u2019apprentissage<\/h2>\t\t\t\t<\/div>\n\t\t\t\t<\/div>\n\t\t\t\t<div class=\"elementor-element elementor-element-af378cb elementor-widget elementor-widget-text-editor\" data-id=\"af378cb\" data-element_type=\"widget\" data-e-type=\"widget\" data-widget_type=\"text-editor.default\">\n\t\t\t\t<div class=\"elementor-widget-container\">\n\t\t\t\t\t\t\t\t\t<p>Vous \u00eates \u00e0 la recherche d\u2019une place d\u2019apprentissage dans les m\u00e9tiers du&nbsp;<span data-start=\"211\" data-end=\"224\" data-is-only-node=\"\" style=\"\">carrelage.<\/span>&nbsp;<span style=\"font-size: 1rem;\">Les liens suivants vous accompagneront dans vos d\u00e9marches et vous aideront \u00e0 trouver une opportunit\u00e9 de formation solide et valorisante.<\/span><\/p>\t\t\t\t\t\t\t\t<\/div>\n\t\t\t\t<\/div>\n\t\t\t\t<div class=\"elementor-element elementor-element-4ffffa0 elementor-align-left elementor-widget elementor-widget-button\" data-id=\"4ffffa0\" data-element_type=\"widget\" data-e-type=\"widget\" data-widget_type=\"button.default\">\n\t\t\t\t<div class=\"elementor-widget-container\">\n\t\t\t\t\t\t\t\t\t<div class=\"elementor-button-wrapper\">\n\t\t\t\t\t<a class=\"elementor-button elementor-button-link elementor-size-sm\" href=\"https:\/\/www.apprentissage-fribourg.ch\/\" target=\"_blank\">\n\t\t\t\t\t\t<span class=\"elementor-button-content-wrapper\">\n\t\t\t\t\t\t\t\t\t<span class=\"elementor-button-text\">Apprentissage Fribourg\u200b<\/span>\n\t\t\t\t\t<\/span>\n\t\t\t\t\t<\/a>\n\t\t\t\t<\/div>\n\t\t\t\t\t\t\t\t<\/div>\n\t\t\t\t<\/div>\n\t\t\t\t<div class=\"elementor-element elementor-element-e1ab62e elementor-align-left elementor-widget elementor-widget-button\" data-id=\"e1ab62e\" data-element_type=\"widget\" data-e-type=\"widget\" data-widget_type=\"button.default\">\n\t\t\t\t<div class=\"elementor-widget-container\">\n\t\t\t\t\t\t\t\t\t<div class=\"elementor-button-wrapper\">\n\t\t\t\t\t<a class=\"elementor-button elementor-button-link elementor-size-sm\" href=\"https:\/\/start-fr.ch\/\" target=\"_blank\">\n\t\t\t\t\t\t<span class=\"elementor-button-content-wrapper\">\n\t\t\t\t\t\t\t\t\t<span class=\"elementor-button-text\">Jobdating<\/span>\n\t\t\t\t\t<\/span>\n\t\t\t\t\t<\/a>\n\t\t\t\t<\/div>\n\t\t\t\t\t\t\t\t<\/div>\n\t\t\t\t<\/div>\n\t\t\t\t\t<\/div>\n\t\t<\/div>\n\t\t\t\t\t<\/div>\n\t\t<\/section>\n\t\t\t\t<section class=\"elementor-section elementor-top-section elementor-element elementor-element-a5a2e77 elementor-section-boxed elementor-section-height-default elementor-section-height-default\" data-id=\"a5a2e77\" data-element_type=\"section\" data-e-type=\"section\" id=\"superieur\" data-settings=\"{&quot;background_background&quot;:&quot;classic&quot;}\">\n\t\t\t\t\t\t<div class=\"elementor-container elementor-column-gap-default\">\n\t\t\t\t\t<div class=\"elementor-column elementor-col-100 elementor-top-column elementor-element elementor-element-a1278c7\" data-id=\"a1278c7\" data-element_type=\"column\" data-e-type=\"column\">\n\t\t\t<div class=\"elementor-widget-wrap elementor-element-populated\">\n\t\t\t\t\t\t<div class=\"elementor-element elementor-element-56a9a91 elementor-widget elementor-widget-heading\" data-id=\"56a9a91\" data-element_type=\"widget\" data-e-type=\"widget\" data-widget_type=\"heading.default\">\n\t\t\t\t<div class=\"elementor-widget-container\">\n\t\t\t\t\t<h2 class=\"elementor-heading-title elementor-size-default\">Formation sup\u00e9rieure<\/h2>\t\t\t\t<\/div>\n\t\t\t\t<\/div>\n\t\t\t\t<div class=\"elementor-element elementor-element-8e6256f elementor-widget elementor-widget-text-editor\" data-id=\"8e6256f\" data-element_type=\"widget\" data-e-type=\"widget\" data-widget_type=\"text-editor.default\">\n\t\t\t\t<div class=\"elementor-widget-container\">\n\t\t\t\t\t\t\t\t\t<p>Au terme de la formation professionnelle initiale, il est possible d&rsquo;effectuer une formation sup\u00e9rieure avec obtention de\u00a0:<\/p><ul><li>Brevet f\u00e9d\u00e9ral de chef carreleur<\/li><li>Dipl\u00f4me de ma\u00eetre carreleur<\/li><\/ul><p><span style=\"font-family: var( --e-global-typography-text-font-family ), Sans-serif; font-weight: var( --e-global-typography-text-font-weight ); background-color: var( --e-global-color-4f02857 ); font-size: 1rem;\"><br \/>Vous trouverez plus d\u2019informations sous le site de notre association fa\u00eeti\u00e8re.<\/span><\/p>\t\t\t\t\t\t\t\t<\/div>\n\t\t\t\t<\/div>\n\t\t\t\t<div class=\"elementor-element elementor-element-ad76c0e elementor-align-left elementor-widget elementor-widget-button\" data-id=\"ad76c0e\" data-element_type=\"widget\" data-e-type=\"widget\" data-widget_type=\"button.default\">\n\t\t\t\t<div class=\"elementor-widget-container\">\n\t\t\t\t\t\t\t\t\t<div class=\"elementor-button-wrapper\">\n\t\t\t\t\t<a class=\"elementor-button elementor-button-link elementor-size-sm\" href=\"https:\/\/ferc.ch\/formation\/formation-superieure\/\" target=\"_blank\">\n\t\t\t\t\t\t<span class=\"elementor-button-content-wrapper\">\n\t\t\t\t\t\t\t\t\t<span class=\"elementor-button-text\">Formation sup\u00e9rieure<\/span>\n\t\t\t\t\t<\/span>\n\t\t\t\t\t<\/a>\n\t\t\t\t<\/div>\n\t\t\t\t\t\t\t\t<\/div>\n\t\t\t\t<\/div>\n\t\t\t\t\t<\/div>\n\t\t<\/div>\n\t\t\t\t\t<\/div>\n\t\t<\/section>\n\t\t\t\t<section class=\"elementor-section elementor-top-section elementor-element elementor-element-474b137 elementor-section-boxed elementor-section-height-default elementor-section-height-default\" data-id=\"474b137\" data-element_type=\"section\" data-e-type=\"section\" id=\"continue\" data-settings=\"{&quot;background_background&quot;:&quot;classic&quot;}\">\n\t\t\t\t\t\t<div class=\"elementor-container elementor-column-gap-default\">\n\t\t\t\t\t<div class=\"elementor-column elementor-col-100 elementor-top-column elementor-element elementor-element-1353bfc\" data-id=\"1353bfc\" data-element_type=\"column\" data-e-type=\"column\">\n\t\t\t<div class=\"elementor-widget-wrap elementor-element-populated\">\n\t\t\t\t\t\t<div class=\"elementor-element elementor-element-8f14afb elementor-widget elementor-widget-heading\" data-id=\"8f14afb\" data-element_type=\"widget\" data-e-type=\"widget\" data-widget_type=\"heading.default\">\n\t\t\t\t<div class=\"elementor-widget-container\">\n\t\t\t\t\t<h2 class=\"elementor-heading-title elementor-size-default\">Formation continue<\/h2>\t\t\t\t<\/div>\n\t\t\t\t<\/div>\n\t\t\t\t<div class=\"elementor-element elementor-element-1f36530 elementor-widget elementor-widget-text-editor\" data-id=\"1f36530\" data-element_type=\"widget\" data-e-type=\"widget\" data-widget_type=\"text-editor.default\">\n\t\t\t\t<div class=\"elementor-widget-container\">\n\t\t\t\t\t\t\t\t\t<p>Notre association fa\u00eeti\u00e8re, la FeRC, vous propose diff\u00e9rentes formations<\/p>\t\t\t\t\t\t\t\t<\/div>\n\t\t\t\t<\/div>\n\t\t\t\t<div class=\"elementor-element elementor-element-049f332 elementor-align-left elementor-widget elementor-widget-button\" data-id=\"049f332\" data-element_type=\"widget\" data-e-type=\"widget\" data-widget_type=\"button.default\">\n\t\t\t\t<div class=\"elementor-widget-container\">\n\t\t\t\t\t\t\t\t\t<div class=\"elementor-button-wrapper\">\n\t\t\t\t\t<a class=\"elementor-button elementor-button-link elementor-size-sm\" href=\"https:\/\/ferc.ch\/formation\/formation-continue\/\" target=\"_blank\">\n\t\t\t\t\t\t<span class=\"elementor-button-content-wrapper\">\n\t\t\t\t\t\t\t\t\t<span class=\"elementor-button-text\">Formation continue<\/span>\n\t\t\t\t\t<\/span>\n\t\t\t\t\t<\/a>\n\t\t\t\t<\/div>\n\t\t\t\t\t\t\t\t<\/div>\n\t\t\t\t<\/div>\n\t\t\t\t<div class=\"elementor-element elementor-element-11c7ab7 elementor-widget-divider--view-line elementor-widget elementor-widget-divider\" data-id=\"11c7ab7\" data-element_type=\"widget\" data-e-type=\"widget\" data-widget_type=\"divider.default\">\n\t\t\t\t<div class=\"elementor-widget-container\">\n\t\t\t\t\t\t\t<div class=\"elementor-divider\">\n\t\t\t<span class=\"elementor-divider-separator\">\n\t\t\t\t\t\t<\/span>\n\t\t<\/div>\n\t\t\t\t\t\t<\/div>\n\t\t\t\t<\/div>\n\t\t\t\t\t<\/div>\n\t\t<\/div>\n\t\t\t\t\t<\/div>\n\t\t<\/section>\n\t\t\t\t<section class=\"elementor-section elementor-top-section elementor-element elementor-element-db757cf elementor-section-boxed elementor-section-height-default elementor-section-height-default\" data-id=\"db757cf\" data-element_type=\"section\" data-e-type=\"section\" data-settings=\"{&quot;background_background&quot;:&quot;classic&quot;}\">\n\t\t\t\t\t\t<div class=\"elementor-container elementor-column-gap-default\">\n\t\t\t\t\t<div class=\"elementor-column elementor-col-100 elementor-top-column elementor-element elementor-element-2428151\" data-id=\"2428151\" data-element_type=\"column\" data-e-type=\"column\">\n\t\t\t<div class=\"elementor-widget-wrap elementor-element-populated\">\n\t\t\t\t\t\t<div class=\"elementor-element elementor-element-dea7724 elementor-widget elementor-widget-heading\" data-id=\"dea7724\" data-element_type=\"widget\" data-e-type=\"widget\" data-widget_type=\"heading.default\">\n\t\t\t\t<div class=\"elementor-widget-container\">\n\t\t\t\t\t<h2 class=\"elementor-heading-title elementor-size-default\">SUBVENTIONS PARITAIRES POUR LE PERFECTIONNEMENT PROFESSIONNEL<\/h2>\t\t\t\t<\/div>\n\t\t\t\t<\/div>\n\t\t\t\t<section class=\"elementor-section elementor-inner-section elementor-element elementor-element-76b4f7d elementor-section-full_width elementor-section-height-default elementor-section-height-default\" data-id=\"76b4f7d\" data-element_type=\"section\" data-e-type=\"section\">\n\t\t\t\t\t\t<div class=\"elementor-container elementor-column-gap-default\">\n\t\t\t\t\t<div class=\"elementor-column elementor-col-50 elementor-inner-column elementor-element elementor-element-bdd3b34\" data-id=\"bdd3b34\" data-element_type=\"column\" data-e-type=\"column\">\n\t\t\t<div class=\"elementor-widget-wrap elementor-element-populated\">\n\t\t\t\t\t\t<div class=\"elementor-element elementor-element-7f48f13 elementor-widget elementor-widget-heading\" data-id=\"7f48f13\" data-element_type=\"widget\" data-e-type=\"widget\" data-widget_type=\"heading.default\">\n\t\t\t\t<div class=\"elementor-widget-container\">\n\t\t\t\t\t<h2 class=\"elementor-heading-title elementor-size-default\">Subventions PARITAIREs<\/h2>\t\t\t\t<\/div>\n\t\t\t\t<\/div>\n\t\t\t\t<div class=\"elementor-element elementor-element-7b71937 elementor-widget elementor-widget-text-editor\" data-id=\"7b71937\" data-element_type=\"widget\" data-e-type=\"widget\" data-widget_type=\"text-editor.default\">\n\t\t\t\t<div class=\"elementor-widget-container\">\n\t\t\t\t\t\t\t\t\t<p>Les Fonds paritaires du second \u0153uvre fribourgeois octroient des subventions pour le perfectionnement professionnel aux salari\u00e9s s\u2019acquittant de leurs contributions aux frais d\u2019ex\u00e9cution et de perfectionnement professionnel. Remplissez et retournez-nous ce formulaire<\/p><p>Nous attirons votre attention sur le fait que les demandes de subventions doivent \u00eatre faites dans les 60 jours qui suivent la fin du cours\/module suivi.<\/p>\t\t\t\t\t\t\t\t<\/div>\n\t\t\t\t<\/div>\n\t\t\t\t<div class=\"elementor-element elementor-element-88b3a51 elementor-align-left elementor-widget elementor-widget-button\" data-id=\"88b3a51\" data-element_type=\"widget\" data-e-type=\"widget\" data-widget_type=\"button.default\">\n\t\t\t\t<div class=\"elementor-widget-container\">\n\t\t\t\t\t\t\t\t\t<div class=\"elementor-button-wrapper\">\n\t\t\t\t\t<a class=\"elementor-button elementor-button-link elementor-size-sm\" href=\"https:\/\/gfc-fr.ch\/wp-content\/uploads\/2021\/04\/Demande-f.docx\" target=\"_blank\">\n\t\t\t\t\t\t<span class=\"elementor-button-content-wrapper\">\n\t\t\t\t\t\t\t\t\t<span class=\"elementor-button-text\">Formulaire demande subventions<\/span>\n\t\t\t\t\t<\/span>\n\t\t\t\t\t<\/a>\n\t\t\t\t<\/div>\n\t\t\t\t\t\t\t\t<\/div>\n\t\t\t\t<\/div>\n\t\t\t\t\t<\/div>\n\t\t<\/div>\n\t\t\t\t<div class=\"elementor-column elementor-col-50 elementor-inner-column elementor-element elementor-element-ed850d5\" data-id=\"ed850d5\" data-element_type=\"column\" data-e-type=\"column\">\n\t\t\t<div class=\"elementor-widget-wrap elementor-element-populated\">\n\t\t\t\t\t\t<div class=\"elementor-element elementor-element-e403578 elementor-widget elementor-widget-heading\" data-id=\"e403578\" data-element_type=\"widget\" data-e-type=\"widget\" data-widget_type=\"heading.default\">\n\t\t\t\t<div class=\"elementor-widget-container\">\n\t\t\t\t\t<h2 class=\"elementor-heading-title elementor-size-default\">Subventions f\u00e9d\u00e9rales<\/h2>\t\t\t\t<\/div>\n\t\t\t\t<\/div>\n\t\t\t\t<div class=\"elementor-element elementor-element-0a387c0 elementor-widget elementor-widget-text-editor\" data-id=\"0a387c0\" data-element_type=\"widget\" data-e-type=\"widget\" data-widget_type=\"text-editor.default\">\n\t\t\t\t<div class=\"elementor-widget-container\">\n\t\t\t\t\t\t\t\t\t<p>Les participants aux cours pr\u00e9paratoires aux examens f\u00e9d\u00e9raux peuvent b\u00e9n\u00e9ficier d\u2019un soutien financier f\u00e9d\u00e9ral.<\/p>\t\t\t\t\t\t\t\t<\/div>\n\t\t\t\t<\/div>\n\t\t\t\t<div class=\"elementor-element elementor-element-30683bb elementor-align-left elementor-widget elementor-widget-button\" data-id=\"30683bb\" data-element_type=\"widget\" data-e-type=\"widget\" data-widget_type=\"button.default\">\n\t\t\t\t<div class=\"elementor-widget-container\">\n\t\t\t\t\t\t\t\t\t<div class=\"elementor-button-wrapper\">\n\t\t\t\t\t<a class=\"elementor-button elementor-button-link elementor-size-sm\" href=\"https:\/\/www.fristages.ch\/\" target=\"_blank\">\n\t\t\t\t\t\t<span class=\"elementor-button-content-wrapper\">\n\t\t\t\t\t\t\t\t\t<span class=\"elementor-button-text\">Soutien f\u00e9d\u00e9ral<\/span>\n\t\t\t\t\t<\/span>\n\t\t\t\t\t<\/a>\n\t\t\t\t<\/div>\n\t\t\t\t\t\t\t\t<\/div>\n\t\t\t\t<\/div>\n\t\t\t\t\t<\/div>\n\t\t<\/div>\n\t\t\t\t\t<\/div>\n\t\t<\/section>\n\t\t\t\t\t<\/div>\n\t\t<\/div>\n\t\t\t\t\t<\/div>\n\t\t<\/section>\n\t\t\t\t<section class=\"elementor-section elementor-top-section elementor-element elementor-element-f3509df elementor-section-boxed elementor-section-height-default elementor-section-height-default\" data-id=\"f3509df\" data-element_type=\"section\" data-e-type=\"section\" id=\"travail\" data-settings=\"{&quot;background_background&quot;:&quot;classic&quot;}\">\n\t\t\t\t\t\t<div class=\"elementor-container elementor-column-gap-default\">\n\t\t\t\t\t<div class=\"elementor-column elementor-col-100 elementor-top-column elementor-element elementor-element-47ac7b6\" data-id=\"47ac7b6\" data-element_type=\"column\" data-e-type=\"column\">\n\t\t\t<div class=\"elementor-widget-wrap elementor-element-populated\">\n\t\t\t\t\t\t<div class=\"elementor-element elementor-element-3ee6f11 elementor-widget elementor-widget-heading\" data-id=\"3ee6f11\" data-element_type=\"widget\" data-e-type=\"widget\" data-widget_type=\"heading.default\">\n\t\t\t\t<div class=\"elementor-widget-container\">\n\t\t\t\t\t<h2 class=\"elementor-heading-title elementor-size-default\">S\u00e9curit\u00e9 au travail (SB55)<\/h2>\t\t\t\t<\/div>\n\t\t\t\t<\/div>\n\t\t\t\t<div class=\"elementor-element elementor-element-80b43bf elementor-widget elementor-widget-text-editor\" data-id=\"80b43bf\" data-element_type=\"widget\" data-e-type=\"widget\" data-widget_type=\"text-editor.default\">\n\t\t\t\t<div class=\"elementor-widget-container\">\n\t\t\t\t\t\t\t\t\t<p>La loi f\u00e9d\u00e9rale sur l&rsquo;assurance-accident (LAA) et l&rsquo;ordonnance sur la pr\u00e9vention des accidents et maladies professionnelles (OPA) prescrivent que l&#8217;employeur est l\u00e9galement responsable de la s\u00e9curit\u00e9 dans son entreprise. La FeRC organise ces cours.<\/p>\t\t\t\t\t\t\t\t<\/div>\n\t\t\t\t<\/div>\n\t\t\t\t<div class=\"elementor-element elementor-element-47d769f elementor-widget elementor-widget-button\" data-id=\"47d769f\" data-element_type=\"widget\" data-e-type=\"widget\" data-widget_type=\"button.default\">\n\t\t\t\t<div class=\"elementor-widget-container\">\n\t\t\t\t\t\t\t\t\t<div class=\"elementor-button-wrapper\">\n\t\t\t\t\t<a class=\"elementor-button elementor-button-link elementor-size-sm\" href=\"https:\/\/ferc.ch\/technique-securite\/sb55\/\" target=\"_blank\">\n\t\t\t\t\t\t<span class=\"elementor-button-content-wrapper\">\n\t\t\t\t\t\t\t\t\t<span class=\"elementor-button-text\">S\u00e9curit\u00e9 et sant\u00e9 au travail<\/span>\n\t\t\t\t\t<\/span>\n\t\t\t\t\t<\/a>\n\t\t\t\t<\/div>\n\t\t\t\t\t\t\t\t<\/div>\n\t\t\t\t<\/div>\n\t\t\t\t\t<\/div>\n\t\t<\/div>\n\t\t\t\t\t<\/div>\n\t\t<\/section>\n\t\t\t\t<\/div>\n\t\t","protected":false},"excerpt":{"rendered":"<p>Formation Le GFC, en collaboration avec la F\u00e9d\u00e9ration fribourgeoise des entrepreneurs (FFE) et le Service de la formation professionnelle (SFP) proposent, en plus de la formation duale, divers cours de perfectionnement professionnel. De plus, avec la collaboration active de nos partenaires et de notre association fa\u00eeti\u00e8re (FeRC) divers cours de perfectionnement professionnel et cursus sont [&hellip;]<\/p>\n","protected":false},"author":6,"featured_media":0,"parent":0,"menu_order":0,"comment_status":"closed","ping_status":"closed","template":"elementor_header_footer","meta":{"footnotes":""},"class_list":["post-175","page","type-page","status-publish","hentry"],"yoast_head":"<!-- This site is optimized with the Yoast SEO plugin v27.5 - https:\/\/yoast.com\/product\/yoast-seo-wordpress\/ -->\n<title>Formation - Groupement fribourgeois des Carreleurs<\/title>\n<meta name=\"robots\" content=\"index, follow, max-snippet:-1, max-image-preview:large, max-video-preview:-1\" \/>\n<link rel=\"canonical\" href=\"https:\/\/gfc-fr.netmanage-dev.ch\/index.php\/formation\/\" \/>\n<meta property=\"og:locale\" content=\"fr_FR\" \/>\n<meta property=\"og:type\" content=\"article\" \/>\n<meta property=\"og:title\" content=\"Formation - Groupement fribourgeois des Carreleurs\" \/>\n<meta property=\"og:description\" content=\"Formation Le GFC, en collaboration avec la F\u00e9d\u00e9ration fribourgeoise des entrepreneurs (FFE) et le Service de la formation professionnelle (SFP) proposent, en plus de la formation duale, divers cours de perfectionnement professionnel. De plus, avec la collaboration active de nos partenaires et de notre association fa\u00eeti\u00e8re (FeRC) divers cours de perfectionnement professionnel et cursus sont [&hellip;]\" \/>\n<meta property=\"og:url\" content=\"https:\/\/gfc-fr.netmanage-dev.ch\/index.php\/formation\/\" \/>\n<meta property=\"og:site_name\" content=\"Groupement fribourgeois des Carreleurs\" \/>\n<meta property=\"article:modified_time\" content=\"2026-02-03T13:34:28+00:00\" \/>\n<meta property=\"og:image\" content=\"https:\/\/gfc-fr.netmanage-dev.ch\/wp-content\/uploads\/2021\/10\/Castelas_Jean-Luc-scaled.jpg\" \/>\n\t<meta property=\"og:image:width\" content=\"1700\" \/>\n\t<meta property=\"og:image:height\" content=\"2560\" \/>\n\t<meta property=\"og:image:type\" content=\"image\/jpeg\" \/>\n<meta name=\"twitter:card\" content=\"summary_large_image\" \/>\n<meta name=\"twitter:label1\" content=\"Dur\u00e9e de lecture estim\u00e9e\" \/>\n\t<meta name=\"twitter:data1\" content=\"3 minutes\" \/>\n<script type=\"application\/ld+json\" class=\"yoast-schema-graph\">{\"@context\":\"https:\\\/\\\/schema.org\",\"@graph\":[{\"@type\":\"WebPage\",\"@id\":\"https:\\\/\\\/gfc-fr.netmanage-dev.ch\\\/index.php\\\/formation\\\/\",\"url\":\"https:\\\/\\\/gfc-fr.netmanage-dev.ch\\\/index.php\\\/formation\\\/\",\"name\":\"Formation - Groupement fribourgeois des Carreleurs\",\"isPartOf\":{\"@id\":\"https:\\\/\\\/gfc-fr.netmanage-dev.ch\\\/#website\"},\"primaryImageOfPage\":{\"@id\":\"https:\\\/\\\/gfc-fr.netmanage-dev.ch\\\/index.php\\\/formation\\\/#primaryimage\"},\"image\":{\"@id\":\"https:\\\/\\\/gfc-fr.netmanage-dev.ch\\\/index.php\\\/formation\\\/#primaryimage\"},\"thumbnailUrl\":\"https:\\\/\\\/gfc-fr.netmanage-dev.ch\\\/wp-content\\\/uploads\\\/2021\\\/10\\\/Castelas_Jean-Luc-680x1024.jpg\",\"datePublished\":\"2021-04-22T11:15:51+00:00\",\"dateModified\":\"2026-02-03T13:34:28+00:00\",\"breadcrumb\":{\"@id\":\"https:\\\/\\\/gfc-fr.netmanage-dev.ch\\\/index.php\\\/formation\\\/#breadcrumb\"},\"inLanguage\":\"fr-FR\",\"potentialAction\":[{\"@type\":\"ReadAction\",\"target\":[\"https:\\\/\\\/gfc-fr.netmanage-dev.ch\\\/index.php\\\/formation\\\/\"]}]},{\"@type\":\"ImageObject\",\"inLanguage\":\"fr-FR\",\"@id\":\"https:\\\/\\\/gfc-fr.netmanage-dev.ch\\\/index.php\\\/formation\\\/#primaryimage\",\"url\":\"https:\\\/\\\/gfc-fr.netmanage-dev.ch\\\/wp-content\\\/uploads\\\/2021\\\/10\\\/Castelas_Jean-Luc-scaled.jpg\",\"contentUrl\":\"https:\\\/\\\/gfc-fr.netmanage-dev.ch\\\/wp-content\\\/uploads\\\/2021\\\/10\\\/Castelas_Jean-Luc-scaled.jpg\",\"width\":1700,\"height\":2560},{\"@type\":\"BreadcrumbList\",\"@id\":\"https:\\\/\\\/gfc-fr.netmanage-dev.ch\\\/index.php\\\/formation\\\/#breadcrumb\",\"itemListElement\":[{\"@type\":\"ListItem\",\"position\":1,\"name\":\"Accueil\",\"item\":\"https:\\\/\\\/gfc-fr.netmanage-dev.ch\\\/\"},{\"@type\":\"ListItem\",\"position\":2,\"name\":\"Formation\"}]},{\"@type\":\"WebSite\",\"@id\":\"https:\\\/\\\/gfc-fr.netmanage-dev.ch\\\/#website\",\"url\":\"https:\\\/\\\/gfc-fr.netmanage-dev.ch\\\/\",\"name\":\"Groupement fribourgeois des Carreleurs\",\"description\":\"\",\"potentialAction\":[{\"@type\":\"SearchAction\",\"target\":{\"@type\":\"EntryPoint\",\"urlTemplate\":\"https:\\\/\\\/gfc-fr.netmanage-dev.ch\\\/?s={search_term_string}\"},\"query-input\":{\"@type\":\"PropertyValueSpecification\",\"valueRequired\":true,\"valueName\":\"search_term_string\"}}],\"inLanguage\":\"fr-FR\"}]}<\/script>\n<!-- \/ Yoast SEO plugin. -->","yoast_head_json":{"title":"Formation - Groupement fribourgeois des Carreleurs","robots":{"index":"index","follow":"follow","max-snippet":"max-snippet:-1","max-image-preview":"max-image-preview:large","max-video-preview":"max-video-preview:-1"},"canonical":"https:\/\/gfc-fr.netmanage-dev.ch\/index.php\/formation\/","og_locale":"fr_FR","og_type":"article","og_title":"Formation - Groupement fribourgeois des Carreleurs","og_description":"Formation Le GFC, en collaboration avec la F\u00e9d\u00e9ration fribourgeoise des entrepreneurs (FFE) et le Service de la formation professionnelle (SFP) proposent, en plus de la formation duale, divers cours de perfectionnement professionnel. De plus, avec la collaboration active de nos partenaires et de notre association fa\u00eeti\u00e8re (FeRC) divers cours de perfectionnement professionnel et cursus sont [&hellip;]","og_url":"https:\/\/gfc-fr.netmanage-dev.ch\/index.php\/formation\/","og_site_name":"Groupement fribourgeois des Carreleurs","article_modified_time":"2026-02-03T13:34:28+00:00","og_image":[{"width":1700,"height":2560,"url":"https:\/\/gfc-fr.netmanage-dev.ch\/wp-content\/uploads\/2021\/10\/Castelas_Jean-Luc-scaled.jpg","type":"image\/jpeg"}],"twitter_card":"summary_large_image","twitter_misc":{"Dur\u00e9e de lecture estim\u00e9e":"3 minutes"},"schema":{"@context":"https:\/\/schema.org","@graph":[{"@type":"WebPage","@id":"https:\/\/gfc-fr.netmanage-dev.ch\/index.php\/formation\/","url":"https:\/\/gfc-fr.netmanage-dev.ch\/index.php\/formation\/","name":"Formation - Groupement fribourgeois des Carreleurs","isPartOf":{"@id":"https:\/\/gfc-fr.netmanage-dev.ch\/#website"},"primaryImageOfPage":{"@id":"https:\/\/gfc-fr.netmanage-dev.ch\/index.php\/formation\/#primaryimage"},"image":{"@id":"https:\/\/gfc-fr.netmanage-dev.ch\/index.php\/formation\/#primaryimage"},"thumbnailUrl":"https:\/\/gfc-fr.netmanage-dev.ch\/wp-content\/uploads\/2021\/10\/Castelas_Jean-Luc-680x1024.jpg","datePublished":"2021-04-22T11:15:51+00:00","dateModified":"2026-02-03T13:34:28+00:00","breadcrumb":{"@id":"https:\/\/gfc-fr.netmanage-dev.ch\/index.php\/formation\/#breadcrumb"},"inLanguage":"fr-FR","potentialAction":[{"@type":"ReadAction","target":["https:\/\/gfc-fr.netmanage-dev.ch\/index.php\/formation\/"]}]},{"@type":"ImageObject","inLanguage":"fr-FR","@id":"https:\/\/gfc-fr.netmanage-dev.ch\/index.php\/formation\/#primaryimage","url":"https:\/\/gfc-fr.netmanage-dev.ch\/wp-content\/uploads\/2021\/10\/Castelas_Jean-Luc-scaled.jpg","contentUrl":"https:\/\/gfc-fr.netmanage-dev.ch\/wp-content\/uploads\/2021\/10\/Castelas_Jean-Luc-scaled.jpg","width":1700,"height":2560},{"@type":"BreadcrumbList","@id":"https:\/\/gfc-fr.netmanage-dev.ch\/index.php\/formation\/#breadcrumb","itemListElement":[{"@type":"ListItem","position":1,"name":"Accueil","item":"https:\/\/gfc-fr.netmanage-dev.ch\/"},{"@type":"ListItem","position":2,"name":"Formation"}]},{"@type":"WebSite","@id":"https:\/\/gfc-fr.netmanage-dev.ch\/#website","url":"https:\/\/gfc-fr.netmanage-dev.ch\/","name":"Groupement fribourgeois des Carreleurs","description":"","potentialAction":[{"@type":"SearchAction","target":{"@type":"EntryPoint","urlTemplate":"https:\/\/gfc-fr.netmanage-dev.ch\/?s={search_term_string}"},"query-input":{"@type":"PropertyValueSpecification","valueRequired":true,"valueName":"search_term_string"}}],"inLanguage":"fr-FR"}]}},"_links":{"self":[{"href":"https:\/\/gfc-fr.netmanage-dev.ch\/index.php\/wp-json\/wp\/v2\/pages\/175","targetHints":{"allow":["GET"]}}],"collection":[{"href":"https:\/\/gfc-fr.netmanage-dev.ch\/index.php\/wp-json\/wp\/v2\/pages"}],"about":[{"href":"https:\/\/gfc-fr.netmanage-dev.ch\/index.php\/wp-json\/wp\/v2\/types\/page"}],"author":[{"embeddable":true,"href":"https:\/\/gfc-fr.netmanage-dev.ch\/index.php\/wp-json\/wp\/v2\/users\/6"}],"replies":[{"embeddable":true,"href":"https:\/\/gfc-fr.netmanage-dev.ch\/index.php\/wp-json\/wp\/v2\/comments?post=175"}],"version-history":[{"count":131,"href":"https:\/\/gfc-fr.netmanage-dev.ch\/index.php\/wp-json\/wp\/v2\/pages\/175\/revisions"}],"predecessor-version":[{"id":1308,"href":"https:\/\/gfc-fr.netmanage-dev.ch\/index.php\/wp-json\/wp\/v2\/pages\/175\/revisions\/1308"}],"wp:attachment":[{"href":"https:\/\/gfc-fr.netmanage-dev.ch\/index.php\/wp-json\/wp\/v2\/media?parent=175"}],"curies":[{"name":"wp","href":"https:\/\/api.w.org\/{rel}","templated":true}]}}